{"id":3880,"date":"2017-06-27T16:37:34","date_gmt":"2017-06-27T16:37:34","guid":{"rendered":"http:\/\/businesslounge-demo.rtthemes.com\/?page_id=3880"},"modified":"2017-06-27T16:37:34","modified_gmt":"2017-06-27T16:37:34","slug":"blog-full-width","status":"publish","type":"page","link":"https:\/\/www.abpcoaching.com\/en\/blog-full-width\/","title":{"rendered":"Blog &#8211; Full Width"},"content":{"rendered":"<div  class=\"content_row row vc_row wpb_row  default-style fullwidth rt-4283436\">\n\t\n\t<div class=\"content_row_wrapper  default\">\n\t<div class=\"vc_col-sm-12 wpb_column vc_column_container rt-9211901 rt-column-container\">\n\t<div class=\"vc_column-inner rt-column-inner\">\n\t\t<div class=\"wpb_wrapper rt-wrapper\">\n\t\t\t\n<div id=\"blog-dynamicID-669207\" class=\"blog_list clearfix row\" data-column-width=\"1\">\n<article id=\"4759\" class=\"col col-sm-12 post-4759 post type-post status-publish format-standard hentry category-blog\"><div class=\"post-content-wrapper\">\n \n\n<!-- blog box-->\n\t\t\n\t<a href=\"https:\/\/www.abpcoaching.com\/en\/dynamic-team-leadership-coaching-conhecimento-ferramentas-e-atitudes\/\" title=\"Dynamic Team Leadership Coaching: knowledge, skills and attitudes\" class=\"post-date\">June 9, 2019<\/a>\n\t\t<!-- meta data -->\n\t\t<div class=\"post_data\">\n\n\t\t\t\n\t\t\t\t\t\t<!-- user -->                                     \n\t\t\t<span class=\"user\">\n\t\t\tby  <a href=\"https:\/\/www.abpcoaching.com\/en\/author\/alexandra-barosa-pereira\/\" title=\"Posts by Alexandra Barosa Pereira\" rel=\"author\">Alexandra Barosa Pereira<\/a>\t\t\t\t\n\t\t\t<\/span>\n\n\t\t\t\t\t\t\t\n\t\t\t\t\t\t<!-- categories -->\n\t\t\t<span class=\"categories\">\n\t\t\tin <a href=\"https:\/\/www.abpcoaching.com\/en\/category\/blog\/\" rel=\"category tag\">Blog<\/a>\t\t\t\t\n\t\t\t<\/span>\n\t\t\t\n\t\t\t\n\t\t\t\t\t\t<!-- comments --> \n\t\t\t<span class=\"comment_link\"><a href=\"https:\/\/www.abpcoaching.com\/en\/dynamic-team-leadership-coaching-conhecimento-ferramentas-e-atitudes\/#respond\" title=\"0 Comment\" class=\"comment_link\">0 Comment<\/a><\/span>\n\t\t\t\t\t\t\n\t\t<\/div><!-- \/ end div  .post_data -->\n\t\t\t\t\t\n\n\t<div class=\"entry-content text\">\n\n\t\t<!-- blog headline-->\n\t\t<h4 class=\"entry-title\"><a href=\"https:\/\/www.abpcoaching.com\/en\/dynamic-team-leadership-coaching-conhecimento-ferramentas-e-atitudes\/\" rel=\"bookmark\">Dynamic Team Leadership Coaching: knowledge, skills and attitudes<\/a><\/h4> \n\n\t\t\n\t\t<p>Apresenta\u00e7\u00e3o in University of Pennsylvania, GSAEC 2019, 7 e 8 de junho de 2019, Philadelphia Enquadramento O coaching \u00e9 referenciado por muitos como uma atividade essencial \u00e0 gest\u00e3o e est\u00e1 a ser cada vez considerado como uma parte significativa da estrat\u00e9gia de aprendizagem e desenvolvimento de muitas organiza\u00e7\u00f5es (Joo, 2005); A lideran\u00e7a n\u00e3o se tratar\u00e1 [&hellip;]<\/p>\n\t<\/div> \n\n\t<div class=\"entry-footer\">\n\n\t\t<a href=\"https:\/\/www.abpcoaching.com\/en\/dynamic-team-leadership-coaching-conhecimento-ferramentas-e-atitudes\/\" class=\"read_more\">Continue reading<\/a><div class=\"social_share\"><span class=\"ui-icon-line-share\"><span>SHARE<\/span><\/span><ul><li class=\"mail\"><a class=\"ui-icon-mail\" href=\"mailto:?body=https%3A%2F%2Fwww.abpcoaching.com%2Fen%2Fdynamic-team-leadership-coaching-conhecimento-ferramentas-e-atitudes%2F\" title=\"Email\"><span>Email<\/span><\/a><\/li><li class=\"twitter\"><a class=\"ui-icon-twitter\" href=\"#\" data-url=\"http:\/\/twitter.com\/intent\/tweet?text=Dynamic+Team+Leadership+Coaching%3A+knowledge%2C+skills+and+attitudes+https%3A%2F%2Fwww.abpcoaching.com%2Fen%2Fdynamic-team-leadership-coaching-conhecimento-ferramentas-e-atitudes%2F\" title=\"Twitter\"><span>Twitter<\/span><\/a><\/li><li class=\"facebook\"><a class=\"ui-icon-facebook\" href=\"#\" data-url=\"http:\/\/www.facebook.com\/sharer\/sharer.php?u=https%3A%2F%2Fwww.abpcoaching.com%2Fen%2Fdynamic-team-leadership-coaching-conhecimento-ferramentas-e-atitudes%2F&amp;title=Dynamic+Team+Leadership+Coaching%3A+knowledge%2C+skills+and+attitudes\" title=\"Facebook\"><span>Facebook<\/span><\/a><\/li><li class=\"gplus\"><a class=\"ui-icon-gplus\" href=\"#\" data-url=\"https:\/\/plus.google.com\/share?url=https%3A%2F%2Fwww.abpcoaching.com%2Fen%2Fdynamic-team-leadership-coaching-conhecimento-ferramentas-e-atitudes%2F\" title=\"Google +\"><span>Google +<\/span><\/a><\/li><li class=\"pinterest\"><a class=\"ui-icon-pinterest\" href=\"#\" data-url=\"http:\/\/pinterest.com\/pin\/create\/bookmarklet\/?media=&amp;url=https%3A%2F%2Fwww.abpcoaching.com%2Fen%2Fdynamic-team-leadership-coaching-conhecimento-ferramentas-e-atitudes%2F&amp;is_video=false&amp;description=Dynamic+Team+Leadership+Coaching%3A+knowledge%2C+skills+and+attitudes\" title=\"Pinterest\"><span>Pinterest<\/span><\/a><\/li><li class=\"tumblr\"><a class=\"ui-icon-tumblr\" href=\"#\" data-url=\"http:\/\/tumblr.com\/share?url=https%3A%2F%2Fwww.abpcoaching.com%2Fen%2Fdynamic-team-leadership-coaching-conhecimento-ferramentas-e-atitudes%2F&amp;title=Dynamic+Team+Leadership+Coaching%3A+knowledge%2C+skills+and+attitudes\" title=\"Tumblr\"><span>Tumblr<\/span><\/a><\/li><li class=\"linkedin\"><a class=\"ui-icon-linkedin\" href=\"#\" data-url=\"http:\/\/www.linkedin.com\/shareArticle?mini=true&amp;url=https%3A%2F%2Fwww.abpcoaching.com%2Fen%2Fdynamic-team-leadership-coaching-conhecimento-ferramentas-e-atitudes%2F&amp;title=Dynamic+Team+Leadership+Coaching%3A+knowledge%2C+skills+and+attitudes&amp;source=\" title=\"Linkedin\"><span>Linkedin<\/span><\/a><\/li><li class=\"vkontakte\"><a class=\"ui-icon-vkontakte\" href=\"#\" data-url=\"http:\/\/vkontakte.ru\/share.php?url=https%3A%2F%2Fwww.abpcoaching.com%2Fen%2Fdynamic-team-leadership-coaching-conhecimento-ferramentas-e-atitudes%2F\" title=\"Vkontakte\"><span>Vkontakte<\/span><\/a><\/li><li class=\"whatsapp\"><a class=\"ui-icon-whatsapp\" href=\"#\" data-url=\"whatsapp:\/\/send?text=https%3A%2F%2Fwww.abpcoaching.com%2Fen%2Fdynamic-team-leadership-coaching-conhecimento-ferramentas-e-atitudes%2F\" title=\"WhatsApp\"><span>WhatsApp<\/span><\/a><\/li><\/ul><\/div>\n\t<\/div>\n\n<!-- \/ blog box-->\n<\/div><\/article>\n<article id=\"4761\" class=\"col col-sm-12 post-4761 post type-post status-publish format-standard hentry category-blog\"><div class=\"post-content-wrapper\">\n \n\n<!-- blog box-->\n\t\t\n\t<a href=\"https:\/\/www.abpcoaching.com\/en\/coaching-intercultural\/\" title=\"Intercultural Coaching\" class=\"post-date\">April 23, 2018<\/a>\n\t\t<!-- meta data -->\n\t\t<div class=\"post_data\">\n\n\t\t\t\n\t\t\t\t\t\t<!-- user -->                                     \n\t\t\t<span class=\"user\">\n\t\t\tby  <a href=\"https:\/\/www.abpcoaching.com\/en\/author\/alexandra-barosa-pereira\/\" title=\"Posts by Alexandra Barosa Pereira\" rel=\"author\">Alexandra Barosa Pereira<\/a>\t\t\t\t\n\t\t\t<\/span>\n\n\t\t\t\t\t\t\t\n\t\t\t\t\t\t<!-- categories -->\n\t\t\t<span class=\"categories\">\n\t\t\tin <a href=\"https:\/\/www.abpcoaching.com\/en\/category\/blog\/\" rel=\"category tag\">Blog<\/a>\t\t\t\t\n\t\t\t<\/span>\n\t\t\t\n\t\t\t\n\t\t\t\t\t\t<!-- comments --> \n\t\t\t<span class=\"comment_link\"><a href=\"https:\/\/www.abpcoaching.com\/en\/coaching-intercultural\/#respond\" title=\"0 Comment\" class=\"comment_link\">0 Comment<\/a><\/span>\n\t\t\t\t\t\t\n\t\t<\/div><!-- \/ end div  .post_data -->\n\t\t\t\t\t\n\n\t<div class=\"entry-content text\">\n\n\t\t<!-- blog headline-->\n\t\t<h4 class=\"entry-title\"><a href=\"https:\/\/www.abpcoaching.com\/en\/coaching-intercultural\/\" rel=\"bookmark\">Intercultural Coaching<\/a><\/h4> \n\n\t\t\n\t\t<p>Apresenta\u00e7\u00e3o in ABRH (Associa\u00e7\u00e3o Brasileira de Recursos Humanos), 23 de abril de 2018, S\u00e3o Paulo Enquadramento: 1995: cria\u00e7\u00e3o de uma organiza\u00e7\u00e3o profissional de Coaching (ICF); Standards do Coaching como uma profiss\u00e3o; Aumento de publica\u00e7\u00f5es; 2001: primeiras tentativas na Europa; Atualidade: globaliza\u00e7\u00e3o do Coaching Executivo; Consolida\u00e7\u00e3o da identidade do coaching; Alinhamento das expectativas: integrar profissionais e [&hellip;]<\/p>\n\t<\/div> \n\n\t<div class=\"entry-footer\">\n\n\t\t<a href=\"https:\/\/www.abpcoaching.com\/en\/coaching-intercultural\/\" class=\"read_more\">Continue reading<\/a><div class=\"social_share\"><span class=\"ui-icon-line-share\"><span>SHARE<\/span><\/span><ul><li class=\"mail\"><a class=\"ui-icon-mail\" href=\"mailto:?body=https%3A%2F%2Fwww.abpcoaching.com%2Fen%2Fcoaching-intercultural%2F\" title=\"Email\"><span>Email<\/span><\/a><\/li><li class=\"twitter\"><a class=\"ui-icon-twitter\" href=\"#\" data-url=\"http:\/\/twitter.com\/intent\/tweet?text=Coaching+Intercultural+https%3A%2F%2Fwww.abpcoaching.com%2Fen%2Fcoaching-intercultural%2F\" title=\"Twitter\"><span>Twitter<\/span><\/a><\/li><li class=\"facebook\"><a class=\"ui-icon-facebook\" href=\"#\" data-url=\"http:\/\/www.facebook.com\/sharer\/sharer.php?u=https%3A%2F%2Fwww.abpcoaching.com%2Fen%2Fcoaching-intercultural%2F&amp;title=Coaching+Intercultural\" title=\"Facebook\"><span>Facebook<\/span><\/a><\/li><li class=\"gplus\"><a class=\"ui-icon-gplus\" href=\"#\" data-url=\"https:\/\/plus.google.com\/share?url=https%3A%2F%2Fwww.abpcoaching.com%2Fen%2Fcoaching-intercultural%2F\" title=\"Google +\"><span>Google +<\/span><\/a><\/li><li class=\"pinterest\"><a class=\"ui-icon-pinterest\" href=\"#\" data-url=\"http:\/\/pinterest.com\/pin\/create\/bookmarklet\/?media=&amp;url=https%3A%2F%2Fwww.abpcoaching.com%2Fen%2Fcoaching-intercultural%2F&amp;is_video=false&amp;description=Coaching+Intercultural\" title=\"Pinterest\"><span>Pinterest<\/span><\/a><\/li><li class=\"tumblr\"><a class=\"ui-icon-tumblr\" href=\"#\" data-url=\"http:\/\/tumblr.com\/share?url=https%3A%2F%2Fwww.abpcoaching.com%2Fen%2Fcoaching-intercultural%2F&amp;title=Coaching+Intercultural\" title=\"Tumblr\"><span>Tumblr<\/span><\/a><\/li><li class=\"linkedin\"><a class=\"ui-icon-linkedin\" href=\"#\" data-url=\"http:\/\/www.linkedin.com\/shareArticle?mini=true&amp;url=https%3A%2F%2Fwww.abpcoaching.com%2Fen%2Fcoaching-intercultural%2F&amp;title=Coaching+Intercultural&amp;source=\" title=\"Linkedin\"><span>Linkedin<\/span><\/a><\/li><li class=\"vkontakte\"><a class=\"ui-icon-vkontakte\" href=\"#\" data-url=\"http:\/\/vkontakte.ru\/share.php?url=https%3A%2F%2Fwww.abpcoaching.com%2Fen%2Fcoaching-intercultural%2F\" title=\"Vkontakte\"><span>Vkontakte<\/span><\/a><\/li><li class=\"whatsapp\"><a class=\"ui-icon-whatsapp\" href=\"#\" data-url=\"whatsapp:\/\/send?text=https%3A%2F%2Fwww.abpcoaching.com%2Fen%2Fcoaching-intercultural%2F\" title=\"WhatsApp\"><span>WhatsApp<\/span><\/a><\/li><\/ul><\/div>\n\t<\/div>\n\n<!-- \/ blog box-->\n<\/div><\/article>\n<article id=\"4763\" class=\"col col-sm-12 post-4763 post type-post status-publish format-standard hentry category-blog\"><div class=\"post-content-wrapper\">\n \n\n<!-- blog box-->\n\t\t\n\t<a href=\"https:\/\/www.abpcoaching.com\/en\/abracar-desafios-em-conjunto-um-caso-pratico-na-diversidade-e-multiculturalidade\/\" title=\"Embracing challenges together: a case study in diversity and multiculturalism\" class=\"post-date\">June 11, 2017<\/a>\n\t\t<!-- meta data -->\n\t\t<div class=\"post_data\">\n\n\t\t\t\n\t\t\t\t\t\t<!-- user -->                                     \n\t\t\t<span class=\"user\">\n\t\t\tby  <a href=\"https:\/\/www.abpcoaching.com\/en\/author\/alexandra-barosa-pereira\/\" title=\"Posts by Alexandra Barosa Pereira\" rel=\"author\">Alexandra Barosa Pereira<\/a>\t\t\t\t\n\t\t\t<\/span>\n\n\t\t\t\t\t\t\t\n\t\t\t\t\t\t<!-- categories -->\n\t\t\t<span class=\"categories\">\n\t\t\tin <a href=\"https:\/\/www.abpcoaching.com\/en\/category\/blog\/\" rel=\"category tag\">Blog<\/a>\t\t\t\t\n\t\t\t<\/span>\n\t\t\t\n\t\t\t\n\t\t\t\t\t\t<!-- comments --> \n\t\t\t<span class=\"comment_link\"><a href=\"https:\/\/www.abpcoaching.com\/en\/abracar-desafios-em-conjunto-um-caso-pratico-na-diversidade-e-multiculturalidade\/#respond\" title=\"0 Comment\" class=\"comment_link\">0 Comment<\/a><\/span>\n\t\t\t\t\t\t\n\t\t<\/div><!-- \/ end div  .post_data -->\n\t\t\t\t\t\n\n\t<div class=\"entry-content text\">\n\n\t\t<!-- blog headline-->\n\t\t<h4 class=\"entry-title\"><a href=\"https:\/\/www.abpcoaching.com\/en\/abracar-desafios-em-conjunto-um-caso-pratico-na-diversidade-e-multiculturalidade\/\" rel=\"bookmark\">Embracing challenges together: a case study in diversity and multiculturalism<\/a><\/h4> \n\n\t\t\n\t\t<p>Apresenta\u00e7\u00e3o in ACTO\/GSAEC International Event, 10 e 11 de junho de 20017, Toronto A Situa\u00e7\u00e3o Formar pessoas de v\u00e1rias origens, contextos e culturas \u00e9 um desafio \u00fanico que requer a elabora\u00e7\u00e3o de conte\u00fado program\u00e1tico e a cria\u00e7\u00e3o de curr\u00edculos que maximizem a aprendizagem para todos os alunos. Torna-se especialmente desafiador se a forma\u00e7\u00e3o for ministrada [&hellip;]<\/p>\n\t<\/div> \n\n\t<div class=\"entry-footer\">\n\n\t\t<a href=\"https:\/\/www.abpcoaching.com\/en\/abracar-desafios-em-conjunto-um-caso-pratico-na-diversidade-e-multiculturalidade\/\" class=\"read_more\">Continue reading<\/a><div class=\"social_share\"><span class=\"ui-icon-line-share\"><span>SHARE<\/span><\/span><ul><li class=\"mail\"><a class=\"ui-icon-mail\" href=\"mailto:?body=https%3A%2F%2Fwww.abpcoaching.com%2Fen%2Fabracar-desafios-em-conjunto-um-caso-pratico-na-diversidade-e-multiculturalidade%2F\" title=\"Email\"><span>Email<\/span><\/a><\/li><li class=\"twitter\"><a class=\"ui-icon-twitter\" href=\"#\" data-url=\"http:\/\/twitter.com\/intent\/tweet?text=Embracing+challenges+together%3A+a+case+study+in+diversity+and+multiculturalism+https%3A%2F%2Fwww.abpcoaching.com%2Fen%2Fabracar-desafios-em-conjunto-um-caso-pratico-na-diversidade-e-multiculturalidade%2F\" title=\"Twitter\"><span>Twitter<\/span><\/a><\/li><li class=\"facebook\"><a class=\"ui-icon-facebook\" href=\"#\" data-url=\"http:\/\/www.facebook.com\/sharer\/sharer.php?u=https%3A%2F%2Fwww.abpcoaching.com%2Fen%2Fabracar-desafios-em-conjunto-um-caso-pratico-na-diversidade-e-multiculturalidade%2F&amp;title=Embracing+challenges+together%3A+a+case+study+in+diversity+and+multiculturalism\" title=\"Facebook\"><span>Facebook<\/span><\/a><\/li><li class=\"gplus\"><a class=\"ui-icon-gplus\" href=\"#\" data-url=\"https:\/\/plus.google.com\/share?url=https%3A%2F%2Fwww.abpcoaching.com%2Fen%2Fabracar-desafios-em-conjunto-um-caso-pratico-na-diversidade-e-multiculturalidade%2F\" title=\"Google +\"><span>Google +<\/span><\/a><\/li><li class=\"pinterest\"><a class=\"ui-icon-pinterest\" href=\"#\" data-url=\"http:\/\/pinterest.com\/pin\/create\/bookmarklet\/?media=&amp;url=https%3A%2F%2Fwww.abpcoaching.com%2Fen%2Fabracar-desafios-em-conjunto-um-caso-pratico-na-diversidade-e-multiculturalidade%2F&amp;is_video=false&amp;description=Embracing+challenges+together%3A+a+case+study+in+diversity+and+multiculturalism\" title=\"Pinterest\"><span>Pinterest<\/span><\/a><\/li><li class=\"tumblr\"><a class=\"ui-icon-tumblr\" href=\"#\" data-url=\"http:\/\/tumblr.com\/share?url=https%3A%2F%2Fwww.abpcoaching.com%2Fen%2Fabracar-desafios-em-conjunto-um-caso-pratico-na-diversidade-e-multiculturalidade%2F&amp;title=Embracing+challenges+together%3A+a+case+study+in+diversity+and+multiculturalism\" title=\"Tumblr\"><span>Tumblr<\/span><\/a><\/li><li class=\"linkedin\"><a class=\"ui-icon-linkedin\" href=\"#\" data-url=\"http:\/\/www.linkedin.com\/shareArticle?mini=true&amp;url=https%3A%2F%2Fwww.abpcoaching.com%2Fen%2Fabracar-desafios-em-conjunto-um-caso-pratico-na-diversidade-e-multiculturalidade%2F&amp;title=Embracing+challenges+together%3A+a+case+study+in+diversity+and+multiculturalism&amp;source=\" title=\"Linkedin\"><span>Linkedin<\/span><\/a><\/li><li class=\"vkontakte\"><a class=\"ui-icon-vkontakte\" href=\"#\" data-url=\"http:\/\/vkontakte.ru\/share.php?url=https%3A%2F%2Fwww.abpcoaching.com%2Fen%2Fabracar-desafios-em-conjunto-um-caso-pratico-na-diversidade-e-multiculturalidade%2F\" title=\"Vkontakte\"><span>Vkontakte<\/span><\/a><\/li><li class=\"whatsapp\"><a class=\"ui-icon-whatsapp\" href=\"#\" data-url=\"whatsapp:\/\/send?text=https%3A%2F%2Fwww.abpcoaching.com%2Fen%2Fabracar-desafios-em-conjunto-um-caso-pratico-na-diversidade-e-multiculturalidade%2F\" title=\"WhatsApp\"><span>WhatsApp<\/span><\/a><\/li><\/ul><\/div>\n\t<\/div>\n\n<!-- \/ blog box-->\n<\/div><\/article>\n<article id=\"4765\" class=\"col col-sm-12 post-4765 post type-post status-publish format-standard hentry category-blog\"><div class=\"post-content-wrapper\">\n \n\n<!-- blog box-->\n\t\t\n\t<a href=\"https:\/\/www.abpcoaching.com\/en\/quarto-periodo-de-executive-coaching-globalizacao-ou-localizacao-do-executive-coaching\/\" title=\"The fourth period of Executive Coaching \u2013 Globalization or localization of Executive Coaching?\" class=\"post-date\">October 21, 2016<\/a>\n\t\t<!-- meta data -->\n\t\t<div class=\"post_data\">\n\n\t\t\t\n\t\t\t\t\t\t<!-- user -->                                     \n\t\t\t<span class=\"user\">\n\t\t\tby  <a href=\"https:\/\/www.abpcoaching.com\/en\/author\/alexandra-barosa-pereira\/\" title=\"Posts by Alexandra Barosa Pereira\" rel=\"author\">Alexandra Barosa Pereira<\/a>\t\t\t\t\n\t\t\t<\/span>\n\n\t\t\t\t\t\t\t\n\t\t\t\t\t\t<!-- categories -->\n\t\t\t<span class=\"categories\">\n\t\t\tin <a href=\"https:\/\/www.abpcoaching.com\/en\/category\/blog\/\" rel=\"category tag\">Blog<\/a>\t\t\t\t\n\t\t\t<\/span>\n\t\t\t\n\t\t\t\n\t\t\t\t\t\t<!-- comments --> \n\t\t\t<span class=\"comment_link\"><a href=\"https:\/\/www.abpcoaching.com\/en\/quarto-periodo-de-executive-coaching-globalizacao-ou-localizacao-do-executive-coaching\/#respond\" title=\"0 Comment\" class=\"comment_link\">0 Comment<\/a><\/span>\n\t\t\t\t\t\t\n\t\t<\/div><!-- \/ end div  .post_data -->\n\t\t\t\t\t\n\n\t<div class=\"entry-content text\">\n\n\t\t<!-- blog headline-->\n\t\t<h4 class=\"entry-title\"><a href=\"https:\/\/www.abpcoaching.com\/en\/quarto-periodo-de-executive-coaching-globalizacao-ou-localizacao-do-executive-coaching\/\" rel=\"bookmark\">The fourth period of Executive Coaching \u2013 Globalization or localization of Executive Coaching?<\/a><\/h4> \n\n\t\t\n\t\t<p>Apresenta\u00e7\u00e3o in Columbia University Conference, 19 a 21 de outubro de 2016, Nova York O coaching executivo deve ser globalizado ou localizado? O coaching executivo est\u00e1 a ser globalizado, mas deve ser localizado; Uma estrutura de compet\u00eancias de coaching deve ser constru\u00edda sobre princ\u00edpios como: Todo e qualquer conhecimento e experi\u00eancia \u00e9 cred\u00edvel e, portanto, [&hellip;]<\/p>\n\t<\/div> \n\n\t<div class=\"entry-footer\">\n\n\t\t<a href=\"https:\/\/www.abpcoaching.com\/en\/quarto-periodo-de-executive-coaching-globalizacao-ou-localizacao-do-executive-coaching\/\" class=\"read_more\">Continue reading<\/a><div class=\"social_share\"><span class=\"ui-icon-line-share\"><span>SHARE<\/span><\/span><ul><li class=\"mail\"><a class=\"ui-icon-mail\" href=\"mailto:?body=https%3A%2F%2Fwww.abpcoaching.com%2Fen%2Fquarto-periodo-de-executive-coaching-globalizacao-ou-localizacao-do-executive-coaching%2F\" title=\"Email\"><span>Email<\/span><\/a><\/li><li class=\"twitter\"><a class=\"ui-icon-twitter\" href=\"#\" data-url=\"http:\/\/twitter.com\/intent\/tweet?text=The+fourth+period+of+Executive+Coaching+%E2%80%93+Globalization+or+localization+of+Executive+Coaching%3F+https%3A%2F%2Fwww.abpcoaching.com%2Fen%2Fquarto-periodo-de-executive-coaching-globalizacao-ou-localizacao-do-executive-coaching%2F\" title=\"Twitter\"><span>Twitter<\/span><\/a><\/li><li class=\"facebook\"><a class=\"ui-icon-facebook\" href=\"#\" data-url=\"http:\/\/www.facebook.com\/sharer\/sharer.php?u=https%3A%2F%2Fwww.abpcoaching.com%2Fen%2Fquarto-periodo-de-executive-coaching-globalizacao-ou-localizacao-do-executive-coaching%2F&amp;title=The+fourth+period+of+Executive+Coaching+%E2%80%93+Globalization+or+localization+of+Executive+Coaching%3F\" title=\"Facebook\"><span>Facebook<\/span><\/a><\/li><li class=\"gplus\"><a class=\"ui-icon-gplus\" href=\"#\" data-url=\"https:\/\/plus.google.com\/share?url=https%3A%2F%2Fwww.abpcoaching.com%2Fen%2Fquarto-periodo-de-executive-coaching-globalizacao-ou-localizacao-do-executive-coaching%2F\" title=\"Google +\"><span>Google +<\/span><\/a><\/li><li class=\"pinterest\"><a class=\"ui-icon-pinterest\" href=\"#\" data-url=\"http:\/\/pinterest.com\/pin\/create\/bookmarklet\/?media=&amp;url=https%3A%2F%2Fwww.abpcoaching.com%2Fen%2Fquarto-periodo-de-executive-coaching-globalizacao-ou-localizacao-do-executive-coaching%2F&amp;is_video=false&amp;description=The+fourth+period+of+Executive+Coaching+%E2%80%93+Globalization+or+localization+of+Executive+Coaching%3F\" title=\"Pinterest\"><span>Pinterest<\/span><\/a><\/li><li class=\"tumblr\"><a class=\"ui-icon-tumblr\" href=\"#\" data-url=\"http:\/\/tumblr.com\/share?url=https%3A%2F%2Fwww.abpcoaching.com%2Fen%2Fquarto-periodo-de-executive-coaching-globalizacao-ou-localizacao-do-executive-coaching%2F&amp;title=The+fourth+period+of+Executive+Coaching+%E2%80%93+Globalization+or+localization+of+Executive+Coaching%3F\" title=\"Tumblr\"><span>Tumblr<\/span><\/a><\/li><li class=\"linkedin\"><a class=\"ui-icon-linkedin\" href=\"#\" data-url=\"http:\/\/www.linkedin.com\/shareArticle?mini=true&amp;url=https%3A%2F%2Fwww.abpcoaching.com%2Fen%2Fquarto-periodo-de-executive-coaching-globalizacao-ou-localizacao-do-executive-coaching%2F&amp;title=The+fourth+period+of+Executive+Coaching+%E2%80%93+Globalization+or+localization+of+Executive+Coaching%3F&amp;source=\" title=\"Linkedin\"><span>Linkedin<\/span><\/a><\/li><li class=\"vkontakte\"><a class=\"ui-icon-vkontakte\" href=\"#\" data-url=\"http:\/\/vkontakte.ru\/share.php?url=https%3A%2F%2Fwww.abpcoaching.com%2Fen%2Fquarto-periodo-de-executive-coaching-globalizacao-ou-localizacao-do-executive-coaching%2F\" title=\"Vkontakte\"><span>Vkontakte<\/span><\/a><\/li><li class=\"whatsapp\"><a class=\"ui-icon-whatsapp\" href=\"#\" data-url=\"whatsapp:\/\/send?text=https%3A%2F%2Fwww.abpcoaching.com%2Fen%2Fquarto-periodo-de-executive-coaching-globalizacao-ou-localizacao-do-executive-coaching%2F\" title=\"WhatsApp\"><span>WhatsApp<\/span><\/a><\/li><\/ul><\/div>\n\t<\/div>\n\n<!-- \/ blog box-->\n<\/div><\/article>\n<article id=\"5113\" class=\"col col-sm-12 post-5113 post type-post status-publish format-standard hentry category-blog\"><div class=\"post-content-wrapper\">\n \n\n<!-- blog box-->\n\t\t\n\t<a href=\"https:\/\/www.abpcoaching.com\/en\/building-cultural-competencies-in-coaching-essay-for-the-first-steps\/\" title=\"Building cultural competencies in Coaching: essay for the first steps\" class=\"post-date\">May 28, 2014<\/a>\n\t\t<!-- meta data -->\n\t\t<div class=\"post_data\">\n\n\t\t\t\n\t\t\t\t\t\t<!-- user -->                                     \n\t\t\t<span class=\"user\">\n\t\t\tby  <a href=\"https:\/\/www.abpcoaching.com\/en\/author\/alexandra-barosa-pereira\/\" title=\"Posts by Alexandra Barosa Pereira\" rel=\"author\">Alexandra Barosa Pereira<\/a>\t\t\t\t\n\t\t\t<\/span>\n\n\t\t\t\t\t\t\t\n\t\t\t\t\t\t<!-- categories -->\n\t\t\t<span class=\"categories\">\n\t\t\tin <a href=\"https:\/\/www.abpcoaching.com\/en\/category\/blog\/\" rel=\"category tag\">Blog<\/a>\t\t\t\t\n\t\t\t<\/span>\n\t\t\t\n\t\t\t\n\t\t\t\t\t\t<!-- comments --> \n\t\t\t<span class=\"comment_link\"><a href=\"https:\/\/www.abpcoaching.com\/en\/building-cultural-competencies-in-coaching-essay-for-the-first-steps\/#respond\" title=\"0 Comment\" class=\"comment_link\">0 Comment<\/a><\/span>\n\t\t\t\t\t\t\n\t\t<\/div><!-- \/ end div  .post_data -->\n\t\t\t\t\t\n\n\t<div class=\"entry-content text\">\n\n\t\t<!-- blog headline-->\n\t\t<h4 class=\"entry-title\"><a href=\"https:\/\/www.abpcoaching.com\/en\/building-cultural-competencies-in-coaching-essay-for-the-first-steps\/\" rel=\"bookmark\">Building cultural competencies in Coaching: essay for the first steps<\/a><\/h4> \n\n\t\t\n\t\t<p>Apresenta\u00e7\u00e3o in First International Conference on Graduate Coaching Education: Theory, Research and Practice, 17 e 28 de maio de 2014, Menlo College, Silicon Valley, California A Cultura tem sido medida de v\u00e1rias maneiras por muitos interculturalistas e investigadores de renome (por exemplo, Hofstede, 1997, 2001; Kluckhohn, 1967; Schwartz, 1999; Trompenaars &amp; Hampden-Turner, 1998). As orienta\u00e7\u00f5es [&hellip;]<\/p>\n\t<\/div> \n\n\t<div class=\"entry-footer\">\n\n\t\t<a href=\"https:\/\/www.abpcoaching.com\/en\/building-cultural-competencies-in-coaching-essay-for-the-first-steps\/\" class=\"read_more\">Continue reading<\/a><div class=\"social_share\"><span class=\"ui-icon-line-share\"><span>SHARE<\/span><\/span><ul><li class=\"mail\"><a class=\"ui-icon-mail\" href=\"mailto:?body=https%3A%2F%2Fwww.abpcoaching.com%2Fen%2Fbuilding-cultural-competencies-in-coaching-essay-for-the-first-steps%2F\" title=\"Email\"><span>Email<\/span><\/a><\/li><li class=\"twitter\"><a class=\"ui-icon-twitter\" href=\"#\" data-url=\"http:\/\/twitter.com\/intent\/tweet?text=Building+cultural+competencies+in+Coaching%3A+essay+for+the+first+steps+https%3A%2F%2Fwww.abpcoaching.com%2Fen%2Fbuilding-cultural-competencies-in-coaching-essay-for-the-first-steps%2F\" title=\"Twitter\"><span>Twitter<\/span><\/a><\/li><li class=\"facebook\"><a class=\"ui-icon-facebook\" href=\"#\" data-url=\"http:\/\/www.facebook.com\/sharer\/sharer.php?u=https%3A%2F%2Fwww.abpcoaching.com%2Fen%2Fbuilding-cultural-competencies-in-coaching-essay-for-the-first-steps%2F&amp;title=Building+cultural+competencies+in+Coaching%3A+essay+for+the+first+steps\" title=\"Facebook\"><span>Facebook<\/span><\/a><\/li><li class=\"gplus\"><a class=\"ui-icon-gplus\" href=\"#\" data-url=\"https:\/\/plus.google.com\/share?url=https%3A%2F%2Fwww.abpcoaching.com%2Fen%2Fbuilding-cultural-competencies-in-coaching-essay-for-the-first-steps%2F\" title=\"Google +\"><span>Google +<\/span><\/a><\/li><li class=\"pinterest\"><a class=\"ui-icon-pinterest\" href=\"#\" data-url=\"http:\/\/pinterest.com\/pin\/create\/bookmarklet\/?media=&amp;url=https%3A%2F%2Fwww.abpcoaching.com%2Fen%2Fbuilding-cultural-competencies-in-coaching-essay-for-the-first-steps%2F&amp;is_video=false&amp;description=Building+cultural+competencies+in+Coaching%3A+essay+for+the+first+steps\" title=\"Pinterest\"><span>Pinterest<\/span><\/a><\/li><li class=\"tumblr\"><a class=\"ui-icon-tumblr\" href=\"#\" data-url=\"http:\/\/tumblr.com\/share?url=https%3A%2F%2Fwww.abpcoaching.com%2Fen%2Fbuilding-cultural-competencies-in-coaching-essay-for-the-first-steps%2F&amp;title=Building+cultural+competencies+in+Coaching%3A+essay+for+the+first+steps\" title=\"Tumblr\"><span>Tumblr<\/span><\/a><\/li><li class=\"linkedin\"><a class=\"ui-icon-linkedin\" href=\"#\" data-url=\"http:\/\/www.linkedin.com\/shareArticle?mini=true&amp;url=https%3A%2F%2Fwww.abpcoaching.com%2Fen%2Fbuilding-cultural-competencies-in-coaching-essay-for-the-first-steps%2F&amp;title=Building+cultural+competencies+in+Coaching%3A+essay+for+the+first+steps&amp;source=\" title=\"Linkedin\"><span>Linkedin<\/span><\/a><\/li><li class=\"vkontakte\"><a class=\"ui-icon-vkontakte\" href=\"#\" data-url=\"http:\/\/vkontakte.ru\/share.php?url=https%3A%2F%2Fwww.abpcoaching.com%2Fen%2Fbuilding-cultural-competencies-in-coaching-essay-for-the-first-steps%2F\" title=\"Vkontakte\"><span>Vkontakte<\/span><\/a><\/li><li class=\"whatsapp\"><a class=\"ui-icon-whatsapp\" href=\"#\" data-url=\"whatsapp:\/\/send?text=https%3A%2F%2Fwww.abpcoaching.com%2Fen%2Fbuilding-cultural-competencies-in-coaching-essay-for-the-first-steps%2F\" title=\"WhatsApp\"><span>WhatsApp<\/span><\/a><\/li><\/ul><\/div>\n\t<\/div>\n\n<!-- \/ blog box-->\n<\/div><\/article>\n<article id=\"5115\" class=\"col col-sm-12 post-5115 post type-post status-publish format-standard hentry category-blog\"><div class=\"post-content-wrapper\">\n \n\n<!-- blog box-->\n\t\t\n\t<a href=\"https:\/\/www.abpcoaching.com\/en\/a-pratica-do-coaching-corporativo-nas-organizacoes-do-sec-xxi\/\" title=\"A pr\u00e1tica do Coaching Corporativo nas organiza\u00e7\u00f5es do s\u00e9c. XXI\" class=\"post-date\">September 25, 2009<\/a>\n\t\t<!-- meta data -->\n\t\t<div class=\"post_data\">\n\n\t\t\t\n\t\t\t\t\t\t<!-- user -->                                     \n\t\t\t<span class=\"user\">\n\t\t\tby  <a href=\"https:\/\/www.abpcoaching.com\/en\/author\/alexandra-barosa-pereira\/\" title=\"Posts by Alexandra Barosa Pereira\" rel=\"author\">Alexandra Barosa Pereira<\/a>\t\t\t\t\n\t\t\t<\/span>\n\n\t\t\t\t\t\t\t\n\t\t\t\t\t\t<!-- categories -->\n\t\t\t<span class=\"categories\">\n\t\t\tin <a href=\"https:\/\/www.abpcoaching.com\/en\/category\/blog\/\" rel=\"category tag\">Blog<\/a>\t\t\t\t\n\t\t\t<\/span>\n\t\t\t\n\t\t\t\n\t\t\t\t\t\t<!-- comments --> \n\t\t\t<span class=\"comment_link\"><a href=\"https:\/\/www.abpcoaching.com\/en\/a-pratica-do-coaching-corporativo-nas-organizacoes-do-sec-xxi\/#respond\" title=\"0 Comment\" class=\"comment_link\">0 Comment<\/a><\/span>\n\t\t\t\t\t\t\n\t\t<\/div><!-- \/ end div  .post_data -->\n\t\t\t\t\t\n\n\t<div class=\"entry-content text\">\n\n\t\t<!-- blog headline-->\n\t\t<h4 class=\"entry-title\"><a href=\"https:\/\/www.abpcoaching.com\/en\/a-pratica-do-coaching-corporativo-nas-organizacoes-do-sec-xxi\/\" rel=\"bookmark\">A pr\u00e1tica do Coaching Corporativo nas organiza\u00e7\u00f5es do s\u00e9c. XXI<\/a><\/h4> \n\n\t\t\n\t\t<p>Participa\u00e7\u00e3o na Confer\u00eancia Investiga\u00e7\u00e3o e Interven\u00e7\u00e3o em Recursos Humanos, Escola Superior de Estudos Industriais e de Gest\u00e3o (ESEIG) do Instituto Polit\u00e9cnico do Porto, 25 de Setembro de 2009 Publica\u00e7\u00e3o in Recursos Humanos &#8211; Das Teorias \u00e0s Boas Pr\u00e1ticas &#8211; Os Artigos de Investiga\u00e7\u00e3o e Interven\u00e7\u00e3o, Ed. Viviana Meirinhos e Ester Vaz, editorial novembro, julho de [&hellip;]<\/p>\n\t<\/div> \n\n\t<div class=\"entry-footer\">\n\n\t\t<a href=\"https:\/\/www.abpcoaching.com\/en\/a-pratica-do-coaching-corporativo-nas-organizacoes-do-sec-xxi\/\" class=\"read_more\">Continue reading<\/a><div class=\"social_share\"><span class=\"ui-icon-line-share\"><span>SHARE<\/span><\/span><ul><li class=\"mail\"><a class=\"ui-icon-mail\" href=\"mailto:?body=https%3A%2F%2Fwww.abpcoaching.com%2Fen%2Fa-pratica-do-coaching-corporativo-nas-organizacoes-do-sec-xxi%2F\" title=\"Email\"><span>Email<\/span><\/a><\/li><li class=\"twitter\"><a class=\"ui-icon-twitter\" href=\"#\" data-url=\"http:\/\/twitter.com\/intent\/tweet?text=A+pr%C3%A1tica+do+Coaching+Corporativo+nas+organiza%C3%A7%C3%B5es+do+s%C3%A9c.+XXI+https%3A%2F%2Fwww.abpcoaching.com%2Fen%2Fa-pratica-do-coaching-corporativo-nas-organizacoes-do-sec-xxi%2F\" title=\"Twitter\"><span>Twitter<\/span><\/a><\/li><li class=\"facebook\"><a class=\"ui-icon-facebook\" href=\"#\" data-url=\"http:\/\/www.facebook.com\/sharer\/sharer.php?u=https%3A%2F%2Fwww.abpcoaching.com%2Fen%2Fa-pratica-do-coaching-corporativo-nas-organizacoes-do-sec-xxi%2F&amp;title=A+pr%C3%A1tica+do+Coaching+Corporativo+nas+organiza%C3%A7%C3%B5es+do+s%C3%A9c.+XXI\" title=\"Facebook\"><span>Facebook<\/span><\/a><\/li><li class=\"gplus\"><a class=\"ui-icon-gplus\" href=\"#\" data-url=\"https:\/\/plus.google.com\/share?url=https%3A%2F%2Fwww.abpcoaching.com%2Fen%2Fa-pratica-do-coaching-corporativo-nas-organizacoes-do-sec-xxi%2F\" title=\"Google +\"><span>Google +<\/span><\/a><\/li><li class=\"pinterest\"><a class=\"ui-icon-pinterest\" href=\"#\" data-url=\"http:\/\/pinterest.com\/pin\/create\/bookmarklet\/?media=&amp;url=https%3A%2F%2Fwww.abpcoaching.com%2Fen%2Fa-pratica-do-coaching-corporativo-nas-organizacoes-do-sec-xxi%2F&amp;is_video=false&amp;description=A+pr%C3%A1tica+do+Coaching+Corporativo+nas+organiza%C3%A7%C3%B5es+do+s%C3%A9c.+XXI\" title=\"Pinterest\"><span>Pinterest<\/span><\/a><\/li><li class=\"tumblr\"><a class=\"ui-icon-tumblr\" href=\"#\" data-url=\"http:\/\/tumblr.com\/share?url=https%3A%2F%2Fwww.abpcoaching.com%2Fen%2Fa-pratica-do-coaching-corporativo-nas-organizacoes-do-sec-xxi%2F&amp;title=A+pr%C3%A1tica+do+Coaching+Corporativo+nas+organiza%C3%A7%C3%B5es+do+s%C3%A9c.+XXI\" title=\"Tumblr\"><span>Tumblr<\/span><\/a><\/li><li class=\"linkedin\"><a class=\"ui-icon-linkedin\" href=\"#\" data-url=\"http:\/\/www.linkedin.com\/shareArticle?mini=true&amp;url=https%3A%2F%2Fwww.abpcoaching.com%2Fen%2Fa-pratica-do-coaching-corporativo-nas-organizacoes-do-sec-xxi%2F&amp;title=A+pr%C3%A1tica+do+Coaching+Corporativo+nas+organiza%C3%A7%C3%B5es+do+s%C3%A9c.+XXI&amp;source=\" title=\"Linkedin\"><span>Linkedin<\/span><\/a><\/li><li class=\"vkontakte\"><a class=\"ui-icon-vkontakte\" href=\"#\" data-url=\"http:\/\/vkontakte.ru\/share.php?url=https%3A%2F%2Fwww.abpcoaching.com%2Fen%2Fa-pratica-do-coaching-corporativo-nas-organizacoes-do-sec-xxi%2F\" title=\"Vkontakte\"><span>Vkontakte<\/span><\/a><\/li><li class=\"whatsapp\"><a class=\"ui-icon-whatsapp\" href=\"#\" data-url=\"whatsapp:\/\/send?text=https%3A%2F%2Fwww.abpcoaching.com%2Fen%2Fa-pratica-do-coaching-corporativo-nas-organizacoes-do-sec-xxi%2F\" title=\"WhatsApp\"><span>WhatsApp<\/span><\/a><\/li><\/ul><\/div>\n\t<\/div>\n\n<!-- \/ blog box-->\n<\/div><\/article>\n<\/div>\n\n\t\t<\/div>\n\t<\/div>\n\t<\/div>\n\n<\/div>\n<\/div>","protected":false},"excerpt":{"rendered":"Participa\u00e7\u00e3o na Confer\u00eancia Investiga\u00e7\u00e3o e Interven\u00e7\u00e3o em Recursos Humanos, Escola Superior de Estudos Industriais e de Gest\u00e3o (ESEIG) do Instituto Polit\u00e9cnico do Porto, 25 de Setembro de 2009 Publica\u00e7\u00e3o in Recursos Humanos - Das Teorias \u00e0s Boas Pr\u00e1ticas - Os Artigos de Investiga\u00e7\u00e3o e Interven\u00e7\u00e3o, Ed. Viviana Meirinhos e Ester Vaz, editorial novembro, julho de [...]","protected":false},"author":1,"featured_media":0,"parent":0,"menu_order":0,"comment_status":"closed","ping_status":"closed","template":"","meta":[],"_links":{"self":[{"href":"https:\/\/www.abpcoaching.com\/en\/wp-json\/wp\/v2\/pages\/3880"}],"collection":[{"href":"https:\/\/www.abpcoaching.com\/en\/wp-json\/wp\/v2\/pages"}],"about":[{"href":"https:\/\/www.abpcoaching.com\/en\/wp-json\/wp\/v2\/types\/page"}],"author":[{"embeddable":true,"href":"https:\/\/www.abpcoaching.com\/en\/wp-json\/wp\/v2\/users\/1"}],"replies":[{"embeddable":true,"href":"https:\/\/www.abpcoaching.com\/en\/wp-json\/wp\/v2\/comments?post=3880"}],"version-history":[{"count":0,"href":"https:\/\/www.abpcoaching.com\/en\/wp-json\/wp\/v2\/pages\/3880\/revisions"}],"wp:attachment":[{"href":"https:\/\/www.abpcoaching.com\/en\/wp-json\/wp\/v2\/media?parent=3880"}],"curies":[{"name":"wp","href":"https:\/\/api.w.org\/{rel}","templated":true}]}}